{"id":2955,"date":"2023-06-14T11:02:40","date_gmt":"2023-06-14T09:02:40","guid":{"rendered":"https:\/\/www.international-camping.fr\/contact-and-acces\/"},"modified":"2026-02-26T15:05:11","modified_gmt":"2026-02-26T14:05:11","slug":"contact-and-acces","status":"publish","type":"page","link":"https:\/\/www.international-camping.fr\/en\/contact-and-acces\/","title":{"rendered":"Contact and access"},"content":{"rendered":"<section id=\"ls-section-block_5fcee329eef154b7145b995a86a30b44\" class=\"ls-section  page-chapeau has-m-t m-t-8 has-p-b p-b-0\" >\r\n        <div class=\"container \">\r\n        \n\n<h1 class=\"ls__heading wp-block-heading has-text-align-center montagne\">Contact &amp; Access  <\/h1>\n\n\r\n    <\/div>\r\n<\/section><section id=\"ls-section-block_c552ac6c21d33aa9f4b2faacc591d5ac\" class=\"ls-section  page-one background-right\" >\r\n        <div class=\"container container--wide\">\r\n        \n\n<div class=\"wp-block-columns is-layout-flex wp-container-core-columns-is-layout-9d6595d7 wp-block-columns-is-layout-flex\">\n<div class=\"wp-block-column is-layout-flow wp-block-column-is-layout-flow\">\n<div class=\"wp-block-contact-form-7-contact-form-selector\">\n<div class=\"wpcf7 no-js\" id=\"wpcf7-f2763-o1\" lang=\"en-US\" dir=\"ltr\">\n<div class=\"screen-reader-response\"><p role=\"status\" aria-live=\"polite\" aria-atomic=\"true\"><\/p> <ul><\/ul><\/div>\n<form action=\"\/en\/wp-json\/wp\/v2\/pages\/2955#wpcf7-f2763-o1\" method=\"post\" class=\"wpcf7-form init\" aria-label=\"Contact form\" novalidate=\"novalidate\" data-status=\"init\">\n<div style=\"display: none;\">\n<input type=\"hidden\" name=\"_wpcf7\" value=\"2763\" \/>\n<input type=\"hidden\" name=\"_wpcf7_version\" value=\"5.9.8\" \/>\n<input type=\"hidden\" name=\"_wpcf7_locale\" value=\"en_US\" \/>\n<input type=\"hidden\" name=\"_wpcf7_unit_tag\" value=\"wpcf7-f2763-o1\" \/>\n<input type=\"hidden\" name=\"_wpcf7_container_post\" value=\"0\" \/>\n<input type=\"hidden\" name=\"_wpcf7_posted_data_hash\" value=\"\" \/>\n<input type=\"hidden\" name=\"_wpcf7_recaptcha_response\" value=\"\" \/>\n<\/div>\n<p><label> Your name<br \/>\n<span class=\"wpcf7-form-control-wrap\" data-name=\"your-name\"><input size=\"40\" maxlength=\"400\" class=\"wpcf7-form-control wpcf7-text wpcf7-validates-as-required\" autocomplete=\"name\" aria-required=\"true\" aria-invalid=\"false\" value=\"\" type=\"text\" name=\"your-name\" \/><\/span> <\/label>\n<\/p>\n<p><label> Your e-mail<br \/>\n<span class=\"wpcf7-form-control-wrap\" data-name=\"your-email\"><input size=\"40\" maxlength=\"400\" class=\"wpcf7-form-control wpcf7-email wpcf7-validates-as-required wpcf7-text wpcf7-validates-as-email\" autocomplete=\"email\" aria-required=\"true\" aria-invalid=\"false\" value=\"\" type=\"email\" name=\"your-email\" \/><\/span> <\/label>\n<\/p>\n<p><label> Object<br \/>\n<span class=\"wpcf7-form-control-wrap\" data-name=\"your-subject\"><input size=\"40\" maxlength=\"400\" class=\"wpcf7-form-control wpcf7-text wpcf7-validates-as-required\" aria-required=\"true\" aria-invalid=\"false\" value=\"\" type=\"text\" name=\"your-subject\" \/><\/span> <\/label>\n<\/p>\n<p><label> Your message<br \/>\n<span class=\"wpcf7-form-control-wrap\" data-name=\"your-message\"><textarea cols=\"40\" rows=\"10\" maxlength=\"2000\" class=\"wpcf7-form-control wpcf7-textarea\" aria-invalid=\"false\" name=\"your-message\"><\/textarea><\/span> <\/label>\n<\/p>\n<p><span class=\"wpcf7-form-control-wrap\" data-name=\"acceptance-553\"><span class=\"wpcf7-form-control wpcf7-acceptance\"><span class=\"wpcf7-list-item\"><label><input type=\"checkbox\" name=\"acceptance-553\" value=\"1\" aria-invalid=\"false\" \/><span class=\"wpcf7-list-item-label\">By checking this box, I accept the <a href=\"\/en\/privacy-policy\/\" rel=\"nofollow\" target=\"_blank\">Privacy Policy<\/a> of this site.<\/span><\/label><\/span><\/span><\/span>\n<\/p>\n<p><input class=\"wpcf7-form-control wpcf7-submit has-spinner\" type=\"submit\" value=\"Send\" \/>\n<\/p><div class=\"wpcf7-response-output\" aria-hidden=\"true\"><\/div>\n<\/form>\n<\/div>\n<\/div>\n<\/div>\n\n\n\n<div class=\"wp-block-column question-contact is-layout-flow wp-block-column-is-layout-flow\">\n<h2 class=\"ls__heading wp-block-heading\">Any questions? Contact us<\/h2>\n\n\n\n<p class=\"ls-paragraph\">Would you like to make a reservation? Would you like to find out more about our services, accommodation and pitches? The entire team at Camping International de Luz-Saint-Sauveur will be happy to <strong>answer any questions you<\/strong> may have.  <br\/><br\/>There are three options available to you:<br\/>1- Send us an email at camping.international.luz@wanadoo.fr<br\/>2- Contact us by telephone on 05 62 92 82 02<br\/>3- Fill in the attached contact form<\/p>\n\n\n\n<div id=\"ls-heading ls-titre-div-block_d97edb8e793cf1f65ca3e61688c51aee\" class=\"ls-titre-div h2-like has-text-color has-color-2-color has-m-b m-b-0\" >\n    <strong>Follow our news!<\/strong><\/div>\n\n\n\n<div id=\"ls-socials-block_c487f6a24a111830c69de5b29124f36e\" class=\"ls-socials reseaux\" >\n    <div class=\"ls-socials__content\">\n                                                <a class=\"ls-socials__item\" href=\"https:\/\/www.facebook.com\/campinginternationalluz\" title=\"Retrouvez-nous sur facebook\" target=\"_blank\" rel=\"noopener\">\n                    <i class=\"inter-facebook\"><\/i>\n                <\/a>\n                            <a class=\"ls-socials__item\" href=\"https:\/\/www.instagram.com\/campinginternationalluz\/\" title=\"Retrouvez-nous sur instagram\" target=\"_blank\" rel=\"noopener\">\n                    <i class=\"inter-instagram\"><\/i>\n                <\/a>\n                        <\/div>\n<\/div><\/div>\n<\/div>\n\n\r\n    <\/div>\r\n<\/section><section id=\"ls-section-block_5abd5cf16416ea94901dc966cb3de454\" class=\"ls-section  page-two background has-p-t p-t-0 has-p-b p-b-14\" >\r\n        <div class=\"container container--full\">\r\n        \n\n<div class=\"wp-block-columns is-layout-flex wp-container-core-columns-is-layout-9d6595d7 wp-block-columns-is-layout-flex\">\n<div class=\"wp-block-column is-vertically-aligned-center first animated fadeInUp slow p-l-5 is-layout-flow wp-block-column-is-layout-flow\">\n<h2 class=\"ls__heading wp-block-heading\"><strong>Easy access to<\/strong> the campsite<\/h2>\n\n\n\n<p class=\"ls-paragraph\">The 4-star <a href=\"https:\/\/www.international-camping.fr\/en\/\">Camping International in Luz-Saint-Sauveur <\/a>enjoys an ideal location in the Hautes-Pyr\u00e9n\u00e9es, 10 minutes from the Pyrenees National Park, around 30 minutes from the Pic du Midi and less than an hour from the Cirque de Gavarnie.<br\/>Our establishment is very easy to reach, located at 50 Avenue du Bar\u00e8ge, <strong>65120 Esqui\u00e8ze-S\u00e8re.<\/strong><br\/>You can also use the following GPS coordinates: 42.8743967, -0.0031987.<br\/>We look forward to seeing you soon and welcoming you to our International Campsite!<\/p>\n<\/div>\n\n\n\n<div class=\"wp-block-column second animated fadeInUp slow is-layout-flow wp-block-column-is-layout-flow\">\n<iframe src=\"https:\/\/www.google.com\/maps\/embed?pb=!1m14!1m8!1m3!1d111239.76033383253!2d-0.14423462461480752!3d42.89057372807477!3m2!1i1024!2i768!4f13.1!3m3!1m2!1s0xd57dfecaac1760f%3A0xe84217c5e86c6511!2sCamping%20International!5e0!3m2!1sfr!2sfr!4v1693293858727!5m2!1sfr!2sfr\" width=\"100%\" height=\"600\" style=\"border:0;\" allowfullscreen=\"\" loading=\"lazy\" referrerpolicy=\"no-referrer-when-downgrade\"><\/iframe>\n<\/div>\n<\/div>\n\n\r\n    <\/div>\r\n<\/section><section id=\"ls-section-block_13a39f23eb3c8310218ede18cea2a95e\" class=\"ls-section  home-ecologie-bis page-three-bis has-p-t p-t-0 has-p-b p-b-0\" >\r\n        <div class=\"container container--full\">\r\n        \r\n    <\/div>\r\n<\/section>","protected":false},"excerpt":{"rendered":"","protected":false},"author":1,"featured_media":0,"parent":0,"menu_order":0,"comment_status":"closed","ping_status":"closed","template":"","meta":{"_acf_changed":false,"footnotes":""},"sujet":[],"class_list":["post-2955","page","type-page","status-publish","hentry"],"acf":[],"yoast_head":"<!-- This site is optimized with the Yoast SEO plugin v25.3 - https:\/\/yoast.com\/wordpress\/plugins\/seo\/ -->\n<title>Contact the International campsite | Coming to the campsite in Luz, Pyrenees<\/title>\n<meta name=\"description\" content=\"Contact camping International: don&#039;t hesitate to contact us for any information about our campsite in the Pyrenees.\" \/>\n<meta name=\"robots\" content=\"index, follow, max-snippet:-1, max-image-preview:large, max-video-preview:-1\" \/>\n<link rel=\"canonical\" href=\"https:\/\/www.international-camping.fr\/en\/contact-and-acces\/\" \/>\n<meta property=\"og:locale\" content=\"en_US\" \/>\n<meta property=\"og:type\" content=\"article\" \/>\n<meta property=\"og:title\" content=\"Contact the International campsite | Coming to the campsite in Luz, Pyrenees\" \/>\n<meta property=\"og:description\" content=\"Contact camping International: don&#039;t hesitate to contact us for any information about our campsite in the Pyrenees.\" \/>\n<meta property=\"og:url\" content=\"https:\/\/www.international-camping.fr\/en\/contact-and-acces\/\" \/>\n<meta property=\"og:site_name\" content=\"Camping International\" \/>\n<meta property=\"article:modified_time\" content=\"2026-02-26T14:05:11+00:00\" \/>\n<meta name=\"twitter:card\" content=\"summary_large_image\" \/>\n<meta name=\"twitter:label1\" content=\"Est. reading time\" \/>\n\t<meta name=\"twitter:data1\" content=\"1 minute\" \/>\n<script type=\"application\/ld+json\" class=\"yoast-schema-graph\">{\"@context\":\"https:\/\/schema.org\",\"@graph\":[{\"@type\":\"WebPage\",\"@id\":\"https:\/\/www.international-camping.fr\/en\/contact-and-acces\/\",\"url\":\"https:\/\/www.international-camping.fr\/en\/contact-and-acces\/\",\"name\":\"Contact the International campsite | Coming to the campsite in Luz, Pyrenees\",\"isPartOf\":{\"@id\":\"https:\/\/www.international-camping.fr\/#website\"},\"datePublished\":\"2023-06-14T09:02:40+00:00\",\"dateModified\":\"2026-02-26T14:05:11+00:00\",\"description\":\"Contact camping International: don't hesitate to contact us for any information about our campsite in the Pyrenees.\",\"breadcrumb\":{\"@id\":\"https:\/\/www.international-camping.fr\/en\/contact-and-acces\/#breadcrumb\"},\"inLanguage\":\"en-US\",\"potentialAction\":[{\"@type\":\"ReadAction\",\"target\":[\"https:\/\/www.international-camping.fr\/en\/contact-and-acces\/\"]}]},{\"@type\":\"BreadcrumbList\",\"@id\":\"https:\/\/www.international-camping.fr\/en\/contact-and-acces\/#breadcrumb\",\"itemListElement\":[{\"@type\":\"ListItem\",\"position\":1,\"name\":\"Camping Pyr\u00e9n\u00e9es\",\"item\":\"https:\/\/www.international-camping.fr\/en\/\"},{\"@type\":\"ListItem\",\"position\":2,\"name\":\"Contact and directions\"}]},{\"@type\":\"WebSite\",\"@id\":\"https:\/\/www.international-camping.fr\/#website\",\"url\":\"https:\/\/www.international-camping.fr\/\",\"name\":\"Camping International\",\"description\":\"\",\"publisher\":{\"@id\":\"https:\/\/www.international-camping.fr\/#organization\"},\"potentialAction\":[{\"@type\":\"SearchAction\",\"target\":{\"@type\":\"EntryPoint\",\"urlTemplate\":\"https:\/\/www.international-camping.fr\/?s={search_term_string}\"},\"query-input\":{\"@type\":\"PropertyValueSpecification\",\"valueRequired\":true,\"valueName\":\"search_term_string\"}}],\"inLanguage\":\"en-US\"},{\"@type\":\"Organization\",\"@id\":\"https:\/\/www.international-camping.fr\/#organization\",\"name\":\"Camping International\",\"url\":\"https:\/\/www.international-camping.fr\/\",\"logo\":{\"@type\":\"ImageObject\",\"inLanguage\":\"en-US\",\"@id\":\"https:\/\/www.international-camping.fr\/#\/schema\/logo\/image\/\",\"url\":\"https:\/\/www.international-camping.fr\/wp-content\/uploads\/2023\/07\/cropped-camping-international-luz.png\",\"contentUrl\":\"https:\/\/www.international-camping.fr\/wp-content\/uploads\/2023\/07\/cropped-camping-international-luz.png\",\"width\":310,\"height\":91,\"caption\":\"Camping International\"},\"image\":{\"@id\":\"https:\/\/www.international-camping.fr\/#\/schema\/logo\/image\/\"}}]}<\/script>\n<!-- \/ Yoast SEO plugin. -->","yoast_head_json":{"title":"Contact the International campsite | Coming to the campsite in Luz, Pyrenees","description":"Contact camping International: don't hesitate to contact us for any information about our campsite in the Pyrenees.","robots":{"index":"index","follow":"follow","max-snippet":"max-snippet:-1","max-image-preview":"max-image-preview:large","max-video-preview":"max-video-preview:-1"},"canonical":"https:\/\/www.international-camping.fr\/en\/contact-and-acces\/","og_locale":"en_US","og_type":"article","og_title":"Contact the International campsite | Coming to the campsite in Luz, Pyrenees","og_description":"Contact camping International: don't hesitate to contact us for any information about our campsite in the Pyrenees.","og_url":"https:\/\/www.international-camping.fr\/en\/contact-and-acces\/","og_site_name":"Camping International","article_modified_time":"2026-02-26T14:05:11+00:00","twitter_card":"summary_large_image","twitter_misc":{"Est. reading time":"1 minute"},"schema":{"@context":"https:\/\/schema.org","@graph":[{"@type":"WebPage","@id":"https:\/\/www.international-camping.fr\/en\/contact-and-acces\/","url":"https:\/\/www.international-camping.fr\/en\/contact-and-acces\/","name":"Contact the International campsite | Coming to the campsite in Luz, Pyrenees","isPartOf":{"@id":"https:\/\/www.international-camping.fr\/#website"},"datePublished":"2023-06-14T09:02:40+00:00","dateModified":"2026-02-26T14:05:11+00:00","description":"Contact camping International: don't hesitate to contact us for any information about our campsite in the Pyrenees.","breadcrumb":{"@id":"https:\/\/www.international-camping.fr\/en\/contact-and-acces\/#breadcrumb"},"inLanguage":"en-US","potentialAction":[{"@type":"ReadAction","target":["https:\/\/www.international-camping.fr\/en\/contact-and-acces\/"]}]},{"@type":"BreadcrumbList","@id":"https:\/\/www.international-camping.fr\/en\/contact-and-acces\/#breadcrumb","itemListElement":[{"@type":"ListItem","position":1,"name":"Camping Pyr\u00e9n\u00e9es","item":"https:\/\/www.international-camping.fr\/en\/"},{"@type":"ListItem","position":2,"name":"Contact and directions"}]},{"@type":"WebSite","@id":"https:\/\/www.international-camping.fr\/#website","url":"https:\/\/www.international-camping.fr\/","name":"Camping International","description":"","publisher":{"@id":"https:\/\/www.international-camping.fr\/#organization"},"potentialAction":[{"@type":"SearchAction","target":{"@type":"EntryPoint","urlTemplate":"https:\/\/www.international-camping.fr\/?s={search_term_string}"},"query-input":{"@type":"PropertyValueSpecification","valueRequired":true,"valueName":"search_term_string"}}],"inLanguage":"en-US"},{"@type":"Organization","@id":"https:\/\/www.international-camping.fr\/#organization","name":"Camping International","url":"https:\/\/www.international-camping.fr\/","logo":{"@type":"ImageObject","inLanguage":"en-US","@id":"https:\/\/www.international-camping.fr\/#\/schema\/logo\/image\/","url":"https:\/\/www.international-camping.fr\/wp-content\/uploads\/2023\/07\/cropped-camping-international-luz.png","contentUrl":"https:\/\/www.international-camping.fr\/wp-content\/uploads\/2023\/07\/cropped-camping-international-luz.png","width":310,"height":91,"caption":"Camping International"},"image":{"@id":"https:\/\/www.international-camping.fr\/#\/schema\/logo\/image\/"}}]}},"_links":{"self":[{"href":"https:\/\/www.international-camping.fr\/en\/wp-json\/wp\/v2\/pages\/2955","targetHints":{"allow":["GET"]}}],"collection":[{"href":"https:\/\/www.international-camping.fr\/en\/wp-json\/wp\/v2\/pages"}],"about":[{"href":"https:\/\/www.international-camping.fr\/en\/wp-json\/wp\/v2\/types\/page"}],"author":[{"embeddable":true,"href":"https:\/\/www.international-camping.fr\/en\/wp-json\/wp\/v2\/users\/1"}],"replies":[{"embeddable":true,"href":"https:\/\/www.international-camping.fr\/en\/wp-json\/wp\/v2\/comments?post=2955"}],"version-history":[{"count":2,"href":"https:\/\/www.international-camping.fr\/en\/wp-json\/wp\/v2\/pages\/2955\/revisions"}],"predecessor-version":[{"id":3483,"href":"https:\/\/www.international-camping.fr\/en\/wp-json\/wp\/v2\/pages\/2955\/revisions\/3483"}],"wp:attachment":[{"href":"https:\/\/www.international-camping.fr\/en\/wp-json\/wp\/v2\/media?parent=2955"}],"wp:term":[{"taxonomy":"sujet","embeddable":true,"href":"https:\/\/www.international-camping.fr\/en\/wp-json\/wp\/v2\/sujet?post=2955"}],"curies":[{"name":"wp","href":"https:\/\/api.w.org\/{rel}","templated":true}]}}